{"id":107,"date":"2021-10-20T21:51:05","date_gmt":"2021-10-20T19:51:05","guid":{"rendered":"https:\/\/black-wolves-karate.de\/?page_id=107"},"modified":"2026-07-22T15:05:05","modified_gmt":"2026-07-22T13:05:05","slug":"archiv","status":"publish","type":"page","link":"https:\/\/black-wolves-karate.de\/index.php\/ueber-uns\/archiv\/","title":{"rendered":"Archiv"},"content":{"rendered":"\n<div style=\"height:100px\" aria-hidden=\"true\" class=\"wp-block-spacer\"><\/div>\n\n\n\n<h2 class=\"wp-block-heading\">17.06.2023 Battle of the Hunsr\u00fcck<\/h2>\n\n\n\n<p class=\"wp-block-paragraph\">Am 17.06.23 fand in Simmern die Internationale Deutsche Meisterschaft der WMAC statt. Mit mehr als 1000 Startern aus 11 Nationen, war das 36. Battle&nbsp;of&nbsp;the&nbsp;Hunsr\u00fcck sehr gut besucht und wie immer top organisiert.<\/p>\n\n\n\n<p class=\"wp-block-paragraph\">F\u00fcr den Verein Black Wolves Karate Hunsr\u00fcck e.V.&nbsp;aus&nbsp;Sohren gingen die ehemaligen Nationalmannschaftsmitglieder Jannik und Alisha Jakobs an den Start.<\/p>\n\n\n\n<p class=\"wp-block-paragraph\">Alisha Jakobs startete in 2 Gewichtsklassen. In der&nbsp;Pointfighting&nbsp;Klasse Damen -65 kg erzielte sie nach Verl\u00e4ngerung im&nbsp;Sudden&nbsp;Death den 2. Platz. In der Klasse -70kg gewann sie souver\u00e4n den 1. Platz.<\/p>\n\n\n\n<p class=\"wp-block-paragraph\">Jannik Jakobs erzielte in seiner Gewichtsklasse den 2. Platz<\/p>\n\n\n\n<p class=\"wp-block-paragraph\">Als H\u00f6hepunkt starteten beide noch in der Kategorie Grand Champion. Hier messen sich die besten&nbsp;Pointfighter&nbsp;unabh\u00e4ngig ihrer Gewichtsklasse.&nbsp;<\/p>\n\n\n\n<p class=\"wp-block-paragraph\">Alisha Jakobs erzielte hier nach spannenden K\u00e4mpfen den 2. Platz,&nbsp;Jannik Jakobs setzte sich in einem Starterfeld von 10 international hochklassigen K\u00e4mpfern durch und gewann den 1. Platz. Diese Leistung wurde mit einem mit&nbsp;Swarowski&nbsp;Steinen besetzten&nbsp;Championsg\u00fcrtel und 400 Euro in Gold belohnt. Ein gro\u00dfer Erfolg f\u00fcr den Trainer der Black Wolves und seine Schwester.&nbsp;<\/p>\n\n\n\n<h2 class=\"wp-block-heading\">27.05.2023 German Open Championships der WFMC in R\u00fcsselsheim<\/h2>\n\n\n\n<figure class=\"wp-block-gallery has-nested-images columns-default is-cropped wp-block-gallery-1 is-layout-flex wp-block-gallery-is-layout-flex\">\n<figure class=\"wp-block-image size-large\"><img loading=\"lazy\" decoding=\"async\" width=\"768\" height=\"1024\" data-id=\"625\" src=\"http:\/\/black-wolves-karate.de\/wp-content\/uploads\/2023\/09\/20230527_Jonas_GrandChampion1-768x1024.jpg\" alt=\"\" class=\"wp-image-625\" srcset=\"https:\/\/black-wolves-karate.de\/wp-content\/uploads\/2023\/09\/20230527_Jonas_GrandChampion1-768x1024.jpg 768w, https:\/\/black-wolves-karate.de\/wp-content\/uploads\/2023\/09\/20230527_Jonas_GrandChampion1-225x300.jpg 225w, https:\/\/black-wolves-karate.de\/wp-content\/uploads\/2023\/09\/20230527_Jonas_GrandChampion1-1152x1536.jpg 1152w, https:\/\/black-wolves-karate.de\/wp-content\/uploads\/2023\/09\/20230527_Jonas_GrandChampion1-1536x2048.jpg 1536w, https:\/\/black-wolves-karate.de\/wp-content\/uploads\/2023\/09\/20230527_Jonas_GrandChampion1-scaled.jpg 1920w\" sizes=\"auto, (max-width: 768px) 100vw, 768px\" \/><\/figure>\n\n\n\n<figure class=\"wp-block-image size-large\"><img loading=\"lazy\" decoding=\"async\" width=\"768\" height=\"1024\" data-id=\"624\" src=\"http:\/\/black-wolves-karate.de\/wp-content\/uploads\/2023\/09\/20230527_Jonas_GrandChampion2-768x1024.jpg\" alt=\"\" class=\"wp-image-624\" srcset=\"https:\/\/black-wolves-karate.de\/wp-content\/uploads\/2023\/09\/20230527_Jonas_GrandChampion2-768x1024.jpg 768w, https:\/\/black-wolves-karate.de\/wp-content\/uploads\/2023\/09\/20230527_Jonas_GrandChampion2-225x300.jpg 225w, https:\/\/black-wolves-karate.de\/wp-content\/uploads\/2023\/09\/20230527_Jonas_GrandChampion2-1152x1536.jpg 1152w, https:\/\/black-wolves-karate.de\/wp-content\/uploads\/2023\/09\/20230527_Jonas_GrandChampion2-1536x2048.jpg 1536w, https:\/\/black-wolves-karate.de\/wp-content\/uploads\/2023\/09\/20230527_Jonas_GrandChampion2-scaled.jpg 1920w\" sizes=\"auto, (max-width: 768px) 100vw, 768px\" \/><\/figure>\n\n\n\n<figure class=\"wp-block-image size-large\"><img loading=\"lazy\" decoding=\"async\" width=\"768\" height=\"1024\" data-id=\"623\" src=\"http:\/\/black-wolves-karate.de\/wp-content\/uploads\/2023\/09\/20230527_Jonas_Kampfklasse-768x1024.jpg\" alt=\"\" class=\"wp-image-623\" srcset=\"https:\/\/black-wolves-karate.de\/wp-content\/uploads\/2023\/09\/20230527_Jonas_Kampfklasse-768x1024.jpg 768w, https:\/\/black-wolves-karate.de\/wp-content\/uploads\/2023\/09\/20230527_Jonas_Kampfklasse-225x300.jpg 225w, https:\/\/black-wolves-karate.de\/wp-content\/uploads\/2023\/09\/20230527_Jonas_Kampfklasse-1152x1536.jpg 1152w, https:\/\/black-wolves-karate.de\/wp-content\/uploads\/2023\/09\/20230527_Jonas_Kampfklasse-1536x2048.jpg 1536w, https:\/\/black-wolves-karate.de\/wp-content\/uploads\/2023\/09\/20230527_Jonas_Kampfklasse-scaled.jpg 1920w\" sizes=\"auto, (max-width: 768px) 100vw, 768px\" \/><\/figure>\n\n\n\n<figure class=\"wp-block-image size-large\"><img loading=\"lazy\" decoding=\"async\" width=\"227\" height=\"418\" data-id=\"620\" src=\"http:\/\/black-wolves-karate.de\/wp-content\/uploads\/2023\/09\/20230527_Leo1.jpeg\" alt=\"\" class=\"wp-image-620\" srcset=\"https:\/\/black-wolves-karate.de\/wp-content\/uploads\/2023\/09\/20230527_Leo1.jpeg 227w, https:\/\/black-wolves-karate.de\/wp-content\/uploads\/2023\/09\/20230527_Leo1-163x300.jpeg 163w\" sizes=\"auto, (max-width: 227px) 100vw, 227px\" \/><\/figure>\n\n\n\n<figure class=\"wp-block-image size-large\"><img loading=\"lazy\" decoding=\"async\" width=\"213\" height=\"316\" data-id=\"622\" src=\"http:\/\/black-wolves-karate.de\/wp-content\/uploads\/2023\/09\/20230527_Leo2.jpeg\" alt=\"\" class=\"wp-image-622\" srcset=\"https:\/\/black-wolves-karate.de\/wp-content\/uploads\/2023\/09\/20230527_Leo2.jpeg 213w, https:\/\/black-wolves-karate.de\/wp-content\/uploads\/2023\/09\/20230527_Leo2-202x300.jpeg 202w\" sizes=\"auto, (max-width: 213px) 100vw, 213px\" \/><\/figure>\n\n\n\n<figure class=\"wp-block-image size-large\"><img loading=\"lazy\" decoding=\"async\" width=\"144\" height=\"299\" data-id=\"621\" src=\"http:\/\/black-wolves-karate.de\/wp-content\/uploads\/2023\/09\/20230527_Leo3.jpeg\" alt=\"\" class=\"wp-image-621\"\/><\/figure>\n\n\n\n<figure class=\"wp-block-image size-large\"><img loading=\"lazy\" decoding=\"async\" width=\"768\" height=\"1024\" data-id=\"626\" src=\"http:\/\/black-wolves-karate.de\/wp-content\/uploads\/2023\/09\/20230527_Ricardo-768x1024.jpg\" alt=\"\" class=\"wp-image-626\" srcset=\"https:\/\/black-wolves-karate.de\/wp-content\/uploads\/2023\/09\/20230527_Ricardo-768x1024.jpg 768w, https:\/\/black-wolves-karate.de\/wp-content\/uploads\/2023\/09\/20230527_Ricardo-225x300.jpg 225w, https:\/\/black-wolves-karate.de\/wp-content\/uploads\/2023\/09\/20230527_Ricardo-1152x1536.jpg 1152w, https:\/\/black-wolves-karate.de\/wp-content\/uploads\/2023\/09\/20230527_Ricardo-1536x2048.jpg 1536w, https:\/\/black-wolves-karate.de\/wp-content\/uploads\/2023\/09\/20230527_Ricardo-scaled.jpg 1920w\" sizes=\"auto, (max-width: 768px) 100vw, 768px\" \/><\/figure>\n\n\n\n<figure class=\"wp-block-image size-large\"><img loading=\"lazy\" decoding=\"async\" width=\"1024\" height=\"768\" data-id=\"627\" src=\"http:\/\/black-wolves-karate.de\/wp-content\/uploads\/2023\/09\/20230527_Sontje-1024x768.jpg\" alt=\"\" class=\"wp-image-627\" srcset=\"https:\/\/black-wolves-karate.de\/wp-content\/uploads\/2023\/09\/20230527_Sontje-1024x768.jpg 1024w, https:\/\/black-wolves-karate.de\/wp-content\/uploads\/2023\/09\/20230527_Sontje-300x225.jpg 300w, https:\/\/black-wolves-karate.de\/wp-content\/uploads\/2023\/09\/20230527_Sontje-768x576.jpg 768w, https:\/\/black-wolves-karate.de\/wp-content\/uploads\/2023\/09\/20230527_Sontje-1536x1152.jpg 1536w, https:\/\/black-wolves-karate.de\/wp-content\/uploads\/2023\/09\/20230527_Sontje-2048x1536.jpg 2048w\" sizes=\"auto, (max-width: 1024px) 100vw, 1024px\" \/><\/figure>\n<\/figure>\n\n\n\n<p class=\"wp-block-paragraph\">Am 27.05.2023 fuhr der Black-Wolves-Karate Hunsr\u00fcck e.V. auf die German Open Championships der WFMC nach R\u00fcsselsheim. Neun Karateka-Sch\u00fcler zwischen 7 und 15 Jahren stellten sich der Herausforderung zu k\u00e4mpfen oder eine Kata (traditionelle Form) darzustellen. Trainer Jonas Fuchs nahm ebenfalls teil und gewann seine Kampfklasse und den Grand Champion deutlich. Unsere drei Katal\u00e4ufer holten zwei erste Pl\u00e4tze und einen zweiten Platz. Herzlichen Gl\u00fcckwunsch! Die Nachwuchsk\u00e4mpfer hatten es besonders schwer: Die letzten K\u00e4mpfe wurden erst gegen 20 Uhr ausgetragen und die Karatekas mussten bei recht hohen Temperaturen in der Halle warten, bis sie endlich dran waren. Sie erreichten noch zwei weitere dritte Pl\u00e4tze, sodass es insgesamt ein erfolgreiches Turnier war.<\/p>\n\n\n\n<h2 class=\"wp-block-heading\">13.05.2023 NOX Turnier der WKC in Wittlich<\/h2>\n\n\n\n<figure class=\"wp-block-image size-full\"><img loading=\"lazy\" decoding=\"async\" width=\"1024\" height=\"768\" src=\"http:\/\/black-wolves-karate.de\/wp-content\/uploads\/2023\/09\/Black-Wolves1-1024x768-1.jpg\" alt=\"\" class=\"wp-image-628\" srcset=\"https:\/\/black-wolves-karate.de\/wp-content\/uploads\/2023\/09\/Black-Wolves1-1024x768-1.jpg 1024w, https:\/\/black-wolves-karate.de\/wp-content\/uploads\/2023\/09\/Black-Wolves1-1024x768-1-300x225.jpg 300w, https:\/\/black-wolves-karate.de\/wp-content\/uploads\/2023\/09\/Black-Wolves1-1024x768-1-768x576.jpg 768w\" sizes=\"auto, (max-width: 1024px) 100vw, 1024px\" \/><\/figure>\n\n\n\n<figure class=\"wp-block-image size-full\"><img loading=\"lazy\" decoding=\"async\" width=\"1024\" height=\"768\" src=\"http:\/\/black-wolves-karate.de\/wp-content\/uploads\/2023\/09\/Gruppenbild_Kinder_Jugend-1024x768-1.jpeg\" alt=\"\" class=\"wp-image-629\" srcset=\"https:\/\/black-wolves-karate.de\/wp-content\/uploads\/2023\/09\/Gruppenbild_Kinder_Jugend-1024x768-1.jpeg 1024w, https:\/\/black-wolves-karate.de\/wp-content\/uploads\/2023\/09\/Gruppenbild_Kinder_Jugend-1024x768-1-300x225.jpeg 300w, https:\/\/black-wolves-karate.de\/wp-content\/uploads\/2023\/09\/Gruppenbild_Kinder_Jugend-1024x768-1-768x576.jpeg 768w\" sizes=\"auto, (max-width: 1024px) 100vw, 1024px\" \/><\/figure>\n\n\n\n<p class=\"wp-block-paragraph\">Am 13.05.2023 startete das Turnier-Team des Vereins Black-Wolves-Karate Hunsr\u00fcck e.V. zum ersten Mal seit Corona wieder auf einem Turnier. Ziel war das NOX-Turnier der WKU in Wittlich.<\/p>\n\n\n\n<p class=\"wp-block-paragraph\">Das Turnier-Team bestand aus 19 Startern, darunter Kinder, Jugendliche und Erwachsene. F\u00fcr die meisten Kinder war es das erste Turnier und dementsprechend aufregend. F\u00fcr die Erwachsenen war es ein gro\u00dfartiges Gef\u00fchl wieder an einem Turnier teilnehmen zu k\u00f6nnen und sich mit anderen zu messen.<\/p>\n\n\n\n<p class=\"wp-block-paragraph\">Unterst\u00fctzt wurde das Team durch die Trainer Dino Dupr\u00e9, Hannah Vogel, Jonas Fuchs, Maik Meier und Jannik Jakobs. Auch von den Trainern nahmen Jonas Fuchs und Jannik Jakobs als aktive Starter teil. Jonas Fuchs belegte den 3. Platz in seiner Gewichtsklasse. Gero Vangelista gewann seine Gewichtsklasse und Jannik Jakobs gewann sowohl seine Gewichtsklasse , als auch seine Kategorie beim Formenlauf, bei dem er gegen andere traditionelle Formenl\u00e4ufer antrat. Unter dem Begriff Formen verstehen sich imagin\u00e4re K\u00e4mpfe gegen einen oder mehrere Gegner, welche aus den traditionellen Kampfk\u00fcnsten \u00fcber Jahrhunderte \u00fcberliefert wurden. Diese wurden f\u00fcr das Eigentraining und f\u00fcr die Perfektion der eigenen Techniken erfunden.<\/p>\n\n\n\n<p class=\"wp-block-paragraph\">Die gr\u00f6\u00dfte Errungenschaft war der 2. Platz im Grand Champion der Formenl\u00e4ufer, welchen Jannik Jakobs f\u00fcr den Verein Black-Wolves-Karate Hunsr\u00fcck e.V. nach Sohren bringen konnte. Die Gewinnerin des Grand Champion war eine junge Freestyle-Formenl\u00e4uferin. Beim Freestyle werden eigens entwickelte Formen vorgestellt, welche meist akrobatische Spr\u00fcnge beinhalten. Somit konnte Sie durch die akrobatischen Inhalte mit leichtem Vorsprung gewinnen.<\/p>\n\n\n\n<p class=\"wp-block-paragraph\">Im Ergebnis konnte das Team der Black-Wolves 4x 1. Pl\u00e4tze, 5x 2. Pl\u00e4tze und 7x 3. Pl\u00e4tze belegen.<\/p>\n\n\n\n<p class=\"wp-block-paragraph\">Das NOX-Turnier war gut organisiert und wir freuen uns n\u00e4chstes Jahr als noch st\u00e4rkeres Team dort wieder zu starten!<\/p>\n\n\n\n<h3 id=\"corona-update-vom-02-12-2021-geltende-regeln-kompakt\" class=\"wp-block-heading has-large-font-size\"><\/h3>\n\n\n\n<h2 class=\"wp-block-heading\">26.11.2023 G\u00fcrtelpr\u00fcfung<\/h2>\n\n\n\n<p class=\"wp-block-paragraph\">Am 26.11.22 fand im Black-Wolves-Karate Hunsr\u00fcck e.V. die j\u00e4hrliche G\u00fcrtelpr\u00fcfung statt. 16 Pr\u00fcflinge aus der Kinder-, Jugend- und Erwachsenengruppe stellten sich an diesem Tag der Herausforderung einen neuen Karateg\u00fcrtel zu erhalten. Besonders anspruchsvoll war&nbsp;die&nbsp;traditionellen Karateform&nbsp;Kata, bei der jeder Karateka einzeln einen&nbsp;Kampf gegen einen imagin\u00e4ren Gegner zeigte.&nbsp;Au\u00dferdem wurden Techniken mit und ohne Boxhandschuhe, K\u00e4mpfen sowie Fitness\u00fcbungen abgefragt. Ein Pr\u00fcfling demonstrierte sein K\u00f6nnen zus\u00e4tzlich beim Bruchtest mit der Handkante und einem Axkick. Die Aufregung spornte alle zu hohen Leistungen an und so konnten am Ende alle den verdienten G\u00fcrtel erhalten. Wir gratulieren herzlich!<\/p>\n\n\n\n<figure class=\"wp-block-image size-full\"><img loading=\"lazy\" decoding=\"async\" width=\"1024\" height=\"711\" src=\"http:\/\/black-wolves-karate.de\/wp-content\/uploads\/2023\/05\/20221126_Guertelpruefung-1.jpeg\" alt=\"\" class=\"wp-image-596\" srcset=\"https:\/\/black-wolves-karate.de\/wp-content\/uploads\/2023\/05\/20221126_Guertelpruefung-1.jpeg 1024w, https:\/\/black-wolves-karate.de\/wp-content\/uploads\/2023\/05\/20221126_Guertelpruefung-1-300x208.jpeg 300w, https:\/\/black-wolves-karate.de\/wp-content\/uploads\/2023\/05\/20221126_Guertelpruefung-1-768x533.jpeg 768w\" sizes=\"auto, (max-width: 1024px) 100vw, 1024px\" \/><\/figure>\n\n\n\n<h2 class=\"wp-block-heading\">02.10.2022 Vorf\u00fchrung auf der Sohrener Kirmes<\/h2>\n\n\n\n<p class=\"wp-block-paragraph\">Am 02.10.22 gab die Jugend- und Erwachsenengruppe eine Vorf\u00fchrung auf der Kirmes in Sohren. Wir haben dazu viele positive R\u00fcckmeldungen bekommen. Vielen Dank an alle Teilnehmer, auch hinter den Kulissen!<\/p>\n\n\n\n<figure class=\"wp-block-gallery has-nested-images columns-default is-cropped wp-block-gallery-2 is-layout-flex wp-block-gallery-is-layout-flex\">\n<figure class=\"wp-block-image size-large\"><img loading=\"lazy\" decoding=\"async\" width=\"1024\" height=\"419\" data-id=\"514\" src=\"http:\/\/black-wolves-karate.de\/wp-content\/uploads\/2022\/12\/Aufstellung-1024x419.jpg\" alt=\"\" class=\"wp-image-514\" srcset=\"https:\/\/black-wolves-karate.de\/wp-content\/uploads\/2022\/12\/Aufstellung-1024x419.jpg 1024w, https:\/\/black-wolves-karate.de\/wp-content\/uploads\/2022\/12\/Aufstellung-300x123.jpg 300w, https:\/\/black-wolves-karate.de\/wp-content\/uploads\/2022\/12\/Aufstellung-768x314.jpg 768w, https:\/\/black-wolves-karate.de\/wp-content\/uploads\/2022\/12\/Aufstellung-1536x629.jpg 1536w, https:\/\/black-wolves-karate.de\/wp-content\/uploads\/2022\/12\/Aufstellung-2048x839.jpg 2048w\" sizes=\"auto, (max-width: 1024px) 100vw, 1024px\" \/><\/figure>\n\n\n\n<figure class=\"wp-block-image size-large\"><img loading=\"lazy\" decoding=\"async\" width=\"654\" height=\"368\" data-id=\"515\" src=\"http:\/\/black-wolves-karate.de\/wp-content\/uploads\/2022\/12\/Dino_Bruchtest.gif\" alt=\"\" class=\"wp-image-515\"\/><\/figure>\n\n\n\n<figure class=\"wp-block-image size-large\"><img loading=\"lazy\" decoding=\"async\" width=\"654\" height=\"368\" data-id=\"516\" src=\"http:\/\/black-wolves-karate.de\/wp-content\/uploads\/2022\/12\/Iton_Bruchtest.gif\" alt=\"\" class=\"wp-image-516\"\/><\/figure>\n<\/figure>\n\n\n\n<h2 id=\"07-11-2021-farbgurprufung\" class=\"wp-block-heading\">10.07.2022 DAN-Pr\u00fcfung<\/h2>\n\n\n\n<p class=\"wp-block-paragraph\">Wir gratulieren unseren Pr\u00fcflingen Jannik und Alisha Jakobs zur bestandenen G\u00fcrtelpr\u00fcfung (Jannik: 3. DAN, Alisha: 1. DAN). In den drei Stunden Pr\u00fcfung wurde ihnen viel abverlangt: Kata, Kihon, Selbstverteidigung, Bruchtest, Kickboxen-Techniken und K\u00e4mpfen (Pointfighting, Leichtkontakt, Bodenkampf, Kampf ohne Schutzausr\u00fcstung, gegen mehrere Gegner). Sie haben geschwitzt, geblutet und sich einige Schrammen zugezogen und k\u00f6nnen am Ende stolz \u00fcber ihren Erfolg sein. Unsere Gastpr\u00fcfer waren Bernie Willems (9. DAN Taekwon-Do, ITF Bundestrainer), Armin Wulf (8. DAN Karate DO, 5-facher Sport-Karate-Weltmeister in den Verb\u00e4nden WKA\/IAKSA\/AIJCD\/SAKEV) und Roland Conar (4. DAN Kickboxing, 13-facher Kickboxing Weltmeister WAKO\/WKA\/ISKA\/IAKSA). Sie verglichen die gezeigten Leistungen mit den Autoklassen und erkl\u00e4rten, dass heute keine Trabi-Pr\u00fcfung, sondern eine Mercedes-Pr\u00fcfung durchgef\u00fchrt wurde. Sie waren stolz, dass die Werte und das K\u00f6nnen von unseren Pr\u00fcflingen weiter getragen wird. Wir danken unseren Gastpr\u00fcfern und unseren vielen Helfern, die als Partner bei den \u00dcbungen und als Sparringspartner zur Verf\u00fcgung standen. <\/p>\n\n\n\n<figure class=\"wp-block-gallery has-nested-images columns-default is-cropped wp-block-gallery-3 is-layout-flex wp-block-gallery-is-layout-flex\">\n\n\n<figure class=\"wp-block-image size-large\"><img loading=\"lazy\" decoding=\"async\" width=\"683\" height=\"1024\" data-id=\"431\" src=\"http:\/\/black-wolves-karate.de\/wp-content\/uploads\/2022\/10\/DSC05218-683x1024.jpg\" alt=\"\" class=\"wp-image-431\" srcset=\"https:\/\/black-wolves-karate.de\/wp-content\/uploads\/2022\/10\/DSC05218-683x1024.jpg 683w, https:\/\/black-wolves-karate.de\/wp-content\/uploads\/2022\/10\/DSC05218-200x300.jpg 200w, https:\/\/black-wolves-karate.de\/wp-content\/uploads\/2022\/10\/DSC05218-768x1152.jpg 768w, https:\/\/black-wolves-karate.de\/wp-content\/uploads\/2022\/10\/DSC05218-1024x1536.jpg 1024w, https:\/\/black-wolves-karate.de\/wp-content\/uploads\/2022\/10\/DSC05218-1365x2048.jpg 1365w, https:\/\/black-wolves-karate.de\/wp-content\/uploads\/2022\/10\/DSC05218-scaled.jpg 1707w\" sizes=\"auto, (max-width: 683px) 100vw, 683px\" \/><\/figure>\n\n\n\n<figure class=\"wp-block-image size-large\"><img loading=\"lazy\" decoding=\"async\" width=\"683\" height=\"1024\" data-id=\"430\" src=\"http:\/\/black-wolves-karate.de\/wp-content\/uploads\/2022\/10\/DSC05233-683x1024.jpg\" alt=\"\" class=\"wp-image-430\" srcset=\"https:\/\/black-wolves-karate.de\/wp-content\/uploads\/2022\/10\/DSC05233-683x1024.jpg 683w, https:\/\/black-wolves-karate.de\/wp-content\/uploads\/2022\/10\/DSC05233-200x300.jpg 200w, https:\/\/black-wolves-karate.de\/wp-content\/uploads\/2022\/10\/DSC05233-768x1152.jpg 768w, https:\/\/black-wolves-karate.de\/wp-content\/uploads\/2022\/10\/DSC05233-1024x1536.jpg 1024w, https:\/\/black-wolves-karate.de\/wp-content\/uploads\/2022\/10\/DSC05233-1365x2048.jpg 1365w, https:\/\/black-wolves-karate.de\/wp-content\/uploads\/2022\/10\/DSC05233-scaled.jpg 1707w\" sizes=\"auto, (max-width: 683px) 100vw, 683px\" \/><\/figure>\n\n\n\n\n\n\n\n\n\n<figure class=\"wp-block-image size-large\"><img loading=\"lazy\" decoding=\"async\" width=\"683\" height=\"1024\" data-id=\"436\" src=\"http:\/\/black-wolves-karate.de\/wp-content\/uploads\/2022\/10\/DSC06074-683x1024.jpg\" alt=\"\" class=\"wp-image-436\" srcset=\"https:\/\/black-wolves-karate.de\/wp-content\/uploads\/2022\/10\/DSC06074-683x1024.jpg 683w, https:\/\/black-wolves-karate.de\/wp-content\/uploads\/2022\/10\/DSC06074-200x300.jpg 200w, https:\/\/black-wolves-karate.de\/wp-content\/uploads\/2022\/10\/DSC06074-768x1152.jpg 768w, https:\/\/black-wolves-karate.de\/wp-content\/uploads\/2022\/10\/DSC06074-1024x1536.jpg 1024w, https:\/\/black-wolves-karate.de\/wp-content\/uploads\/2022\/10\/DSC06074-1365x2048.jpg 1365w, https:\/\/black-wolves-karate.de\/wp-content\/uploads\/2022\/10\/DSC06074-scaled.jpg 1707w\" sizes=\"auto, (max-width: 683px) 100vw, 683px\" \/><\/figure>\n\n\n\n\n\n\n\n\n\n\n\n\n\n\n\n\n\n\n\n\n\n\n\n\n\n<figure class=\"wp-block-image size-large\"><img loading=\"lazy\" decoding=\"async\" width=\"1024\" height=\"683\" data-id=\"448\" src=\"http:\/\/black-wolves-karate.de\/wp-content\/uploads\/2022\/10\/DSC07240-1024x683.jpg\" alt=\"\" class=\"wp-image-448\" srcset=\"https:\/\/black-wolves-karate.de\/wp-content\/uploads\/2022\/10\/DSC07240-1024x683.jpg 1024w, https:\/\/black-wolves-karate.de\/wp-content\/uploads\/2022\/10\/DSC07240-300x200.jpg 300w, https:\/\/black-wolves-karate.de\/wp-content\/uploads\/2022\/10\/DSC07240-768x512.jpg 768w, https:\/\/black-wolves-karate.de\/wp-content\/uploads\/2022\/10\/DSC07240-1536x1024.jpg 1536w, https:\/\/black-wolves-karate.de\/wp-content\/uploads\/2022\/10\/DSC07240-2048x1365.jpg 2048w\" sizes=\"auto, (max-width: 1024px) 100vw, 1024px\" \/><\/figure>\n\n\n\n\n\n<figure class=\"wp-block-image size-large\"><img loading=\"lazy\" decoding=\"async\" width=\"1024\" height=\"683\" data-id=\"450\" src=\"http:\/\/black-wolves-karate.de\/wp-content\/uploads\/2022\/10\/DSC07382-1024x683.jpg\" alt=\"\" class=\"wp-image-450\" srcset=\"https:\/\/black-wolves-karate.de\/wp-content\/uploads\/2022\/10\/DSC07382-1024x683.jpg 1024w, https:\/\/black-wolves-karate.de\/wp-content\/uploads\/2022\/10\/DSC07382-300x200.jpg 300w, https:\/\/black-wolves-karate.de\/wp-content\/uploads\/2022\/10\/DSC07382-768x512.jpg 768w, https:\/\/black-wolves-karate.de\/wp-content\/uploads\/2022\/10\/DSC07382-1536x1024.jpg 1536w, https:\/\/black-wolves-karate.de\/wp-content\/uploads\/2022\/10\/DSC07382-2048x1365.jpg 2048w\" sizes=\"auto, (max-width: 1024px) 100vw, 1024px\" \/><\/figure>\n\n\n\n<figure class=\"wp-block-image size-large\"><img loading=\"lazy\" decoding=\"async\" width=\"1024\" height=\"683\" data-id=\"451\" src=\"http:\/\/black-wolves-karate.de\/wp-content\/uploads\/2022\/10\/DSC07391-1024x683.jpg\" alt=\"\" class=\"wp-image-451\" srcset=\"https:\/\/black-wolves-karate.de\/wp-content\/uploads\/2022\/10\/DSC07391-1024x683.jpg 1024w, https:\/\/black-wolves-karate.de\/wp-content\/uploads\/2022\/10\/DSC07391-300x200.jpg 300w, https:\/\/black-wolves-karate.de\/wp-content\/uploads\/2022\/10\/DSC07391-768x512.jpg 768w, https:\/\/black-wolves-karate.de\/wp-content\/uploads\/2022\/10\/DSC07391-1536x1024.jpg 1536w, https:\/\/black-wolves-karate.de\/wp-content\/uploads\/2022\/10\/DSC07391-2048x1365.jpg 2048w\" sizes=\"auto, (max-width: 1024px) 100vw, 1024px\" \/><\/figure>\n\n\n\n<figure class=\"wp-block-image size-large\"><img loading=\"lazy\" decoding=\"async\" width=\"1024\" height=\"683\" data-id=\"453\" src=\"http:\/\/black-wolves-karate.de\/wp-content\/uploads\/2022\/10\/DSC07402-1024x683.jpg\" alt=\"\" class=\"wp-image-453\" srcset=\"https:\/\/black-wolves-karate.de\/wp-content\/uploads\/2022\/10\/DSC07402-1024x683.jpg 1024w, https:\/\/black-wolves-karate.de\/wp-content\/uploads\/2022\/10\/DSC07402-300x200.jpg 300w, https:\/\/black-wolves-karate.de\/wp-content\/uploads\/2022\/10\/DSC07402-768x512.jpg 768w, https:\/\/black-wolves-karate.de\/wp-content\/uploads\/2022\/10\/DSC07402-1536x1024.jpg 1536w, https:\/\/black-wolves-karate.de\/wp-content\/uploads\/2022\/10\/DSC07402-2048x1365.jpg 2048w\" sizes=\"auto, (max-width: 1024px) 100vw, 1024px\" \/><\/figure>\n\n\n<\/figure>\n\n\n\n<figure class=\"wp-block-gallery has-nested-images columns-default is-cropped wp-block-gallery-4 is-layout-flex wp-block-gallery-is-layout-flex\"><\/figure>\n\n\n\n<h2 class=\"wp-block-heading\">07.11.2021 Farbgurtpr\u00fcfung<\/h2>\n\n\n\n<p class=\"wp-block-paragraph\">Wir gratulieren allen Pr\u00fcflingen zur bestandenen G\u00fcrtelpr\u00fcfung!<\/p>\n\n\n\n<figure class=\"wp-block-image size-large\"><img loading=\"lazy\" decoding=\"async\" width=\"1024\" height=\"683\" src=\"http:\/\/black-wolves-karate.de\/wp-content\/uploads\/2022\/05\/Kinder2-1024x683.jpg\" alt=\"\" class=\"wp-image-300\" srcset=\"https:\/\/black-wolves-karate.de\/wp-content\/uploads\/2022\/05\/Kinder2-1024x683.jpg 1024w, https:\/\/black-wolves-karate.de\/wp-content\/uploads\/2022\/05\/Kinder2-300x200.jpg 300w, https:\/\/black-wolves-karate.de\/wp-content\/uploads\/2022\/05\/Kinder2-768x512.jpg 768w, https:\/\/black-wolves-karate.de\/wp-content\/uploads\/2022\/05\/Kinder2-1536x1024.jpg 1536w, https:\/\/black-wolves-karate.de\/wp-content\/uploads\/2022\/05\/Kinder2-2048x1365.jpg 2048w\" sizes=\"auto, (max-width: 1024px) 100vw, 1024px\" \/><\/figure>\n\n\n\n<figure class=\"wp-block-image size-large\"><img loading=\"lazy\" decoding=\"async\" width=\"1024\" height=\"683\" src=\"http:\/\/black-wolves-karate.de\/wp-content\/uploads\/2022\/05\/Jugend2-1024x683.jpg\" alt=\"\" class=\"wp-image-301\" srcset=\"https:\/\/black-wolves-karate.de\/wp-content\/uploads\/2022\/05\/Jugend2-1024x683.jpg 1024w, https:\/\/black-wolves-karate.de\/wp-content\/uploads\/2022\/05\/Jugend2-300x200.jpg 300w, https:\/\/black-wolves-karate.de\/wp-content\/uploads\/2022\/05\/Jugend2-768x512.jpg 768w, https:\/\/black-wolves-karate.de\/wp-content\/uploads\/2022\/05\/Jugend2-1536x1024.jpg 1536w, https:\/\/black-wolves-karate.de\/wp-content\/uploads\/2022\/05\/Jugend2-2048x1366.jpg 2048w\" sizes=\"auto, (max-width: 1024px) 100vw, 1024px\" \/><\/figure>\n\n\n\n<h2 class=\"wp-block-heading\">01.11.2020 G\u00fcrtelpr\u00fcfungen<\/h2>\n\n\n\n<p class=\"wp-block-paragraph\">Am Sonntag, 01.11.2020, fanden im Black-Wolves Karate Hunsr\u00fcck e.V. G\u00fcrtelpr\u00fcfungen statt. Aufgrund der Corona-Pandemie war die Pr\u00fcfung in vier zeitlich getrennte Gruppen unterteilt, in der jeder Pr\u00fcfling mit nur einem anderen Karateka Kontakt hatte. Das Bild ist eine zusammengesetzte Fotomontage aus sechs einzelnen Fotos. Auch aufgrund dieser besonderen Umst\u00e4nde waren die Karatekas besonders aufgeregt. Jeder Pr\u00fcfling zeigte, dass er die notwendigen Grundlagen verinnerlicht hatte. Dar\u00fcber hinaus war jeder Einzelne in einzelnen Disziplinen (sei es Fitness, Koordination, Technik, Kata oder Kampf) besonders stark. Damit konnten alle am Ende den wohlverdienten G\u00fcrtel in den H\u00e4nden halten. Wir gratulieren unseren Pr\u00fcflingen zur bestandenen G\u00fcrtelpr\u00fcfung.<\/p>\n\n\n\n<figure class=\"wp-block-image size-large\"><img loading=\"lazy\" decoding=\"async\" width=\"1024\" height=\"684\" src=\"http:\/\/black-wolves-karate.de\/wp-content\/uploads\/2021\/10\/Gruppenbild-1024x684.jpg\" alt=\"\" class=\"wp-image-108\" srcset=\"https:\/\/black-wolves-karate.de\/wp-content\/uploads\/2021\/10\/Gruppenbild-1024x684.jpg 1024w, https:\/\/black-wolves-karate.de\/wp-content\/uploads\/2021\/10\/Gruppenbild-300x201.jpg 300w, https:\/\/black-wolves-karate.de\/wp-content\/uploads\/2021\/10\/Gruppenbild-768x513.jpg 768w, https:\/\/black-wolves-karate.de\/wp-content\/uploads\/2021\/10\/Gruppenbild-1536x1027.jpg 1536w, https:\/\/black-wolves-karate.de\/wp-content\/uploads\/2021\/10\/Gruppenbild-2048x1369.jpg 2048w\" sizes=\"auto, (max-width: 1024px) 100vw, 1024px\" \/><\/figure>\n\n\n\n<h2 class=\"wp-block-heading\">15.12.2019 Dan-Pr\u00fcfung<\/h2>\n\n\n\n<p class=\"wp-block-paragraph\">Wir gratulieren unseren Pr\u00fcflingen zur bestandenen G\u00fcrtelpr\u00fcfung.<\/p>\n\n\n\n<figure class=\"wp-block-image size-large\"><img loading=\"lazy\" decoding=\"async\" width=\"1024\" height=\"682\" src=\"http:\/\/black-wolves-karate.de\/wp-content\/uploads\/2021\/10\/Gruppenfoto-1024x682.jpg\" alt=\"\" class=\"wp-image-111\" srcset=\"https:\/\/black-wolves-karate.de\/wp-content\/uploads\/2021\/10\/Gruppenfoto-1024x682.jpg 1024w, https:\/\/black-wolves-karate.de\/wp-content\/uploads\/2021\/10\/Gruppenfoto-300x200.jpg 300w, https:\/\/black-wolves-karate.de\/wp-content\/uploads\/2021\/10\/Gruppenfoto-768x512.jpg 768w, https:\/\/black-wolves-karate.de\/wp-content\/uploads\/2021\/10\/Gruppenfoto.jpg 1280w\" sizes=\"auto, (max-width: 1024px) 100vw, 1024px\" \/><\/figure>\n\n\n\n<h2 class=\"wp-block-heading\">30.11.2019 G\u00fcrtelpr\u00fcfungen<\/h2>\n\n\n\n<p class=\"wp-block-paragraph\">Wir gratulieren unseren Pr\u00fcflingen zur bestandenen&nbsp;G\u00fcrtelpr\u00fcfung.<\/p>\n\n\n\n\n\n<h2 class=\"wp-block-heading\">22.09.2019 Kampfkunstmeisterschaft in Worms<\/h2>\n\n\n\n<p class=\"wp-block-paragraph\">Am 22.09.2019 fuhren wir auf die Kampfkunstmeisterschaft nach Worms. Dies ist ein freundschaftliches, faires Turnier und daher ideal geeignet f\u00fcr Anf\u00e4nger, die sich auf einem Turnier versuchen wollen. Auf einem Turnier zu k\u00e4mpfen bedeutet sich in einer Stresssituation vor Zuschauern einem Gegner zu stellen, von dem man nicht wei\u00df wie gut dieser ist und wie hart dieser k\u00e4mpfen wird. Das erfordert Mut und ist eine gute \u00fcbungssituation f\u00fcr die Selbstverteidigung. Jeder der sich das zutraut kann bereits stolz auf sich sein! Von unserer Kindergruppe fuhren 9 Karatekas mit, gut ein Drittel aller Karatekas die regelm\u00e4\u00dfig im Training sind! F\u00fcr sieben von ihnen war es das erste Turnier, f\u00fcr zwei das zweite. Von der Erwachsenengruppe fuhr Jonas Fuchs mit, der bereits einige Turniere bestanden hat.<\/p>\n\n\n\n<p class=\"wp-block-paragraph\">Zuerst starteten die Formenl\u00e4ufer. Viktor Milingert hatte sich sehr gut vorbereitet, war aber noch zu aufgeregt, um die Kata fehlerfrei zu pr\u00e4sentieren. N\u00e4chstes Mal klappt das bestimmt! Lea Burk zeigte mit 6 Jahren eine vollst\u00e4ndige Teikyokoshodan. Sie kam ins Stechen um den 1. Platz und gewann. Herzlichen Gl\u00fcckwunsch!<\/p>\n\n\n\n<p class=\"wp-block-paragraph\">Danach gab es eine dreist\u00fcndige Pause, die von einigen K\u00e4mpfern zu \u00fcbungszwecken genutzt wurde. Diese k\u00e4mpften sp\u00e4ter deutlich aggressiver und mit mehr Siegeswillen. Zuerst war Moritz Bl\u00f6sch dran. Er wollte unbedingt gewinnen und bestritt mit Kicks und anschlie\u00dfenden F\u00e4usten zwei siegreiche K\u00e4mpfe direkt hintereinander. Eine klasse Leistung in Durchhalteverm\u00f6gen und Ehrgeiz und ein verdienter erster Platz. Herzlichen Gl\u00fcckwunsch! Enrico Follert k\u00e4mpfte ebenso begeistert. Sobald er die richte Technik erlernt kann er ebenso erfolgreich sein! Ben Burk, Nathan Weit und Ben Bezjak traten alle in derselben gro\u00dfen Klasse an. Ben Burk war am Anfang noch sehr unsicher, steigerte sich im Kampfverlauf jedoch deutlich. Am Ende k\u00e4mpfte er fast mit demselben Selbstbewusstsein wie im Training. Damit ist er auf dem richtigen Weg. Nathan hatte einen sehr guten Gegner und verlor knapp. Das h\u00e4tte auch anders ausgehen k\u00f6nnen! Ben Bezjak, der erst seit vier Monaten Karate trainiert, zeigte einen tollen Kampfgeist. Sobald er den Sidekick richtig beherrscht m\u00fcssen sich seine Gegner in Acht nehmen! Daniel Prysinski sah wie sein Gegner in der Vorrunde k\u00e4mpfte: Ein blitzschneller, erfahrener Pointfighter. Trotzdem stellte er sich dem Kampf und versuchte seine Techniken anzubringen. Trainingsflei\u00df und viele verlorene Turniere sind notwendig, um irgendwann selbst zu gewinnen. Matteo Bl\u00f6sch k\u00e4mpfte in einer Klasse mit \u00e4lteren, gr\u00f6\u00dferen und erfahreneren Gegnern. Er bewies besonderen Mut hier anzutreten, insbesondere weil er f\u00fcr den Kampf um den dritten Platz keinerlei Vorwarnzeit hatte. Er merkte, dass er bereits \u00fcber genug Wissen verf\u00fcgt, um nicht verletzt zu werden und kann stolz auf seine Teilnahme sein. Jonas Fuchs k\u00e4mpfte schlie\u00dflich zun\u00e4chst gegen einen Trainer einer gegnerischen Mannschaft. Er zeigte einen sehr guten Angriffswillen und einen spektakul\u00e4ren Kopftritt, aber noch reichte es nicht zum Sieg. Im Kampf um den dritten Platz war er seinem Gegner deutlich \u00fcberlegen, insbesondere durch seine starken Sidekicks. Au\u00dferdem \u00fcbte er sich an der Backfist, die ebenfalls klasse gelang. Herzlichen Gl\u00fcckwunsch zum 3. Platz!<\/p>\n\n\n\n<p class=\"wp-block-paragraph\">Nach dem Turnier gingen wir gemeinsam Essen und lie\u00dfen das Turnier Revue passieren. Vielen Dank an Black Belt f\u00fcr das tolle Turnier! Vielen Dank an alle Eltern f\u00fcr die Zeit und das Geld, die in das Turnier gesteckt wurde! Solche Erfahrungen schwei\u00dfen unseren Verein zusammen!<\/p>\n\n\n\n\n\n<h2 class=\"wp-block-heading\">10.08.2019 Sommerfest <\/h2>\n\n\n\n<p class=\"wp-block-paragraph\">Am 10.08.2019 fand unser zweites Sommerfest statt! Wir haben wieder im Ried gegrillt und dieses Mal hat auch das Wetter gehalten.<\/p>\n\n\n\n<p class=\"wp-block-paragraph\">Der Tag war rundum entspannt und gl\u00fccklich. Die Kinder haben wie erwartet die H\u00fcpfburg von Anfang bis Ende in Beschlag genommen, soda\u00df die Erwachsenen die kurze Zeit vor dem offiziellen Start nutzten um noch ein paar Luftspr\u00fcnge zu machen. Es wurde nat\u00fcrlich auch Fu\u00dfball gespielt, gerutscht, geklettert und gewippt. Da das Essen dieses Jahr komplett geliefert wurde, war der Tag auch f\u00fcr alle Eltern entspannt. Es gab W\u00fcrstchen, Salate, Kuchen und am Ende wurden noch Marshmallows gegrillt.<\/p>\n\n\n\n<p class=\"wp-block-paragraph\">Das Fest war somit ein rundum gelungener Auftakt nach der Sommerpause. Ab Montag wird in der Kinder- und Erwachsenengruppe wieder trainiert!<\/p>\n\n\n\n\n\n<h2 class=\"wp-block-heading\"><\/h2>\n\n\n\n<h2 class=\"wp-block-heading\">29.03.2019 Krav-Maga-Seminar<\/h2>\n\n\n\n<p class=\"wp-block-paragraph\">Am 29.03.2019 wurde f\u00fcr die Mitglieder des Black-Wolves Karatevereins ein siebenst\u00fcndiges Selbstverteidigungsseminar unter Leitung eines Instructors des Krav-Maga-Centers Frankfurt angeboten. Den Teilnehmern wurden eine Menge Ausdauer abverlangt, aber alle hatten Spa\u00df am Kennenlernen der diversen Selbstverteidigungstechniken.<\/p>\n\n\n\n<figure class=\"wp-block-image size-large\"><img loading=\"lazy\" decoding=\"async\" width=\"1024\" height=\"768\" src=\"http:\/\/black-wolves-karate.de\/wp-content\/uploads\/2021\/10\/Gruppenfoto-1-1024x768.jpg\" alt=\"\" class=\"wp-image-133\" srcset=\"https:\/\/black-wolves-karate.de\/wp-content\/uploads\/2021\/10\/Gruppenfoto-1-1024x768.jpg 1024w, https:\/\/black-wolves-karate.de\/wp-content\/uploads\/2021\/10\/Gruppenfoto-1-300x225.jpg 300w, https:\/\/black-wolves-karate.de\/wp-content\/uploads\/2021\/10\/Gruppenfoto-1-768x576.jpg 768w, https:\/\/black-wolves-karate.de\/wp-content\/uploads\/2021\/10\/Gruppenfoto-1-1536x1152.jpg 1536w, https:\/\/black-wolves-karate.de\/wp-content\/uploads\/2021\/10\/Gruppenfoto-1.jpg 1600w\" sizes=\"auto, (max-width: 1024px) 100vw, 1024px\" \/><\/figure>\n\n\n\n<h2 class=\"wp-block-heading\">Anna und Dimitri haben geheiratet!<\/h2>\n\n\n\n<p class=\"wp-block-paragraph\">Wir w\u00fcnschen den beiden alles Gute f\u00fcr den gemeinsamen Lebensweg!<\/p>\n\n\n\n<figure class=\"wp-block-gallery has-nested-images columns-default is-cropped wp-block-gallery-5 is-layout-flex wp-block-gallery-is-layout-flex\">\n<figure class=\"wp-block-image size-large\"><img loading=\"lazy\" decoding=\"async\" width=\"1024\" height=\"683\" data-id=\"152\" src=\"http:\/\/black-wolves-karate.de\/wp-content\/uploads\/2021\/10\/fotograf-koblenz-movies-art-nom-fotografie_MG_8350-1024x683.jpg\" alt=\"\" class=\"wp-image-152\" srcset=\"https:\/\/black-wolves-karate.de\/wp-content\/uploads\/2021\/10\/fotograf-koblenz-movies-art-nom-fotografie_MG_8350-1024x683.jpg 1024w, https:\/\/black-wolves-karate.de\/wp-content\/uploads\/2021\/10\/fotograf-koblenz-movies-art-nom-fotografie_MG_8350-300x200.jpg 300w, https:\/\/black-wolves-karate.de\/wp-content\/uploads\/2021\/10\/fotograf-koblenz-movies-art-nom-fotografie_MG_8350-768x512.jpg 768w, https:\/\/black-wolves-karate.de\/wp-content\/uploads\/2021\/10\/fotograf-koblenz-movies-art-nom-fotografie_MG_8350-1536x1024.jpg 1536w, https:\/\/black-wolves-karate.de\/wp-content\/uploads\/2021\/10\/fotograf-koblenz-movies-art-nom-fotografie_MG_8350-2048x1366.jpg 2048w\" sizes=\"auto, (max-width: 1024px) 100vw, 1024px\" \/><\/figure>\n<\/figure>\n\n\n\n<h2 class=\"wp-block-heading\">21.04.2018 G\u00fcrtelpr\u00fcfung<\/h2>\n\n\n\n<p class=\"wp-block-paragraph\">Am 21.04.2018 traten 23 Karatekas im Alter von 6-11 Jahren die Pr\u00fcfung f\u00fcr den n\u00e4chsten G\u00fcrtelgrad an. Pr\u00fcfer waren die drei Trainer des Vereins: Dino Dupr\u00e9 (2. DAN), Frank Schremb (2. DAN) und Hannah Vogel (2. DAN). Die Pr\u00fcfung wurde traditionell unter Ausschluss der \u00d6ffentlichkeit durchgef\u00fchrt, nur die Hilfstrainer durften zusehen. Die Pr\u00fcflinge waren grob nach Alter in zwei Gruppen eingeteilt. Die j\u00fcngere, erste Gruppe absolvierte alle Fitness\u00fcbungen, auch die koordinativ anspruchsvolleren, gr\u00f6\u00dftenteils anstandslos. Bei den Katas gab es aufgrund der sehr gro\u00dfen Nervosit\u00e4t noch einige Schw\u00e4chen, aber alle strengten sich an. Hier merkte man vor allem, wer regelm\u00e4\u00dfig im Training war. Im Technikteil wurden die Karatekas stark gefordert, denn die abgefragten Techniken waren zuvor nicht 1:1 im Training ge\u00fcbt worden. Daher fiel die Umsetzung besonders schwer. Aber sp\u00e4testens bei den Einzeltechniken mit der Trainerin konnten alle zeigen, dass sie die Grundlagen des K\u00e4mpfens verstanden hatten. Diese durften sie danach auch direkt praktisch anwenden: Jeder Pr\u00fcfling absolvierte zwei Vorf\u00fchrk\u00e4mpfe und mehrere K\u00e4mpfe in der gesamten Gruppe. Trotz der gr\u00f6\u00dferen Anspannung, die f\u00fcr so einen Tag normal ist, verletzte sich niemand. Nach einer Stunde und 20 Minuten konnten schlie\u00dflich alle Pr\u00fcflinge der ersten Gruppe stolz ihre Urkunde und G\u00fcrtel entgegennehmen. Erw\u00e4hnenswert ist noch, dass die erste Gruppe eine ungerade Anzahl von 13 Pr\u00fcflinge z\u00e4hlte und daher kurzfristig von einem jugendlichen Gr\u00fcngurt unterst\u00fctzt wurde. Dies zeigt den tollen Zusammenhalt im gesamten Verein. Danach kamen die Pr\u00fcflinge der zweiten Gruppe in die Halle. Sie beeindruckten die Pr\u00fcfer sofort durch ihre Ruhe und Konzentration. Ihre Fitness und Koordination waren wie erwartet gut ausgepr\u00e4gt. Viele hielten den Elefantenstand \u00fcber die gesamten 20 Sekunden ohne Wackler. Die Haupt-Pr\u00fcfungs-Kata wurde von allen fehlerlos gelaufen und es waren teilweise exzellente Leistungen zu sehen. Auch diese Gruppe musste sich im Technikteil schwierigen Herausforderungen stellen, die sehr gut gemeistert wurden. Bei den Einzeltechniken mit der Trainerin wurde gezeigt, wie viel Kraft bereits in den Karatekas steckt. Die Techniken die mit dem Fu\u00dfballen oder der Ferse getreten wurden waren fast alle so hart, dass sie in der Schule keinesfalls angewendet werden d\u00fcrfen, um den Gegner nicht schwer zu verletzen. Beim abschlie\u00dfenden Kampfteil mussten sich alle noch einmal richtig anstrengen. Nachdem jeder bereits acht Runden gek\u00e4mpft hatte wurden 2:1 K\u00e4mpfe gefordert. Hierbei musste sich ein Karateka zwei Gegnern stellen. Dies ist sehr realit\u00e4tsnah, da sich oft eine ganze Gruppe auf einen einzelnen st\u00fcrzt. Dabei ist es vor allem wichtig sich richtig zu stellen, damit nicht beide Gegner gleichzeitig angreifen k\u00f6nnen. Trotz der bereits knapp eineinhalb Stunden andauernden Pr\u00fcfung wurde heftig gek\u00e4mpft und jeder Karateka absolvierte hintereinander drei Runden: einmal als Verteidiger und zwei Mal als Angreifer. Auch in dieser Gruppe verletzte sich niemand und alle Pr\u00fcflinge konnten schlie\u00dflich stolz ihre Urkunden und G\u00fcrtel entgegennehmen. Trainerin Hannah Vogel war mit allen Karatekas sehr zufrieden und hofft, dass dies ein Ansporn ist auch in Zukunft regelm\u00e4\u00dfig zu trainieren. Die Trainer Frank Schremb und Dino Dupr\u00e9 waren vor allem von den Leistungen der \u00c4lteren begeistert und freuen sich darauf diese bald im Erwachsenentraining zu begr\u00fc\u00dfen.<\/p>\n\n\n\n\n\n<h2 class=\"wp-block-heading\">24.02.2018 Championsday <\/h2>\n\n\n\n<p class=\"wp-block-paragraph\">Am 24. Februar 2018 fuhr die Kampfmannschaft von Black-Wolves Karte Hunsr\u00fcck e.V. auf ihr erstes Turnier: den Championsday in M\u00fchlheim-K\u00e4rlich bei Koblenz. \ufffdber 500 K\u00e4mpfer traten dort in den Disziplinen Pointfighting, Leichtkontakt, BJJ, Grappling, MMA und Formen an. Beim Pointfighting wird nach jedem Treffer gestoppt, im Leichtkontakt wird dahingegen durchgek\u00e4mpft. F\u00fcr Black-Wolves waren die drei K\u00e4mpfer Ricky Meier, Maik Meier und Hannah Vogel am Start. Ricky Meier trat zum ersten Mal im Pointfighting an, in der Klasse Junioren bis 65kg. Im Halbfinale besiegte er seinen Gegner durch aggressiven Druck nach vorne und konsequentes Nachsetzen. Im Finale konnte er seinem deutlich erfahreneren und blitzschnellen Gegner noch nichts entgegensetzen, somit gewann er die Silbermedaille! Maik Meier k\u00e4mpfte im Leichtkontakt Herren bis 85kg. Im Halbfinale war er seinem Gegner technisch \u00fcberlegen, wurde jedoch mehr aus der Kampffl\u00e4che gedr\u00e4ngt. Dadurch erhielt er Strafpunkte, die insgesamt zu einem Unentschieden f\u00fchrten. In der Verl\u00e4ngerung gab er noch einmal Vollgas und gewann den Kampf verdient mit 2 zu 1 Kampfrichterstimmen. Nach einer kurzen Pause musste er direkt das Finale k\u00e4mpfen. Sein ausgeruhter Gegner setzte ihm durchgehend hart zu und Maik musste mehrere harte Treffer einstecken. Nach einem gut gezielten Tritt in die rechte Seite, entschied er den Kampf aufzugeben, um sich nicht schwer zu verletzten. Mit etwas mehr Kondition und \u00dcbung im Ausweichen hat er jedoch gute Chancen die Klasse zu gewinnen. Insgesamt gewann er die Silbermedaille! Trainerin Hannah Vogel trat im Pointfighting Damen an. Diese Klassen waren nur sehr schwach besetzt. Sie stand drei Mal direkt im Finale und gewann diese spielend. F\u00fcr den Sieg im Grand Champion gab es einen riesigen Pokal. Das Team unterst\u00fctzte sich gegenseitig hervorragend und kam nach einem aufregenden, erfolgreichen Tag unverletzt wieder zu Hause an.<\/p>\n\n\n\n\n\n<h2 class=\"wp-block-heading\">02.09.2017 Sommerfest<\/h2>\n\n\n\n<p class=\"wp-block-paragraph\">Rund 90 Personen kamen am 2.9.17 auf den Grillplatz Ried um unser Sommerfest zu feiern. Bereits ab 12 Uhr fanden sich die Helfer ein, um alles aufzubauen. Dank der gro\u00dfen Unterst\u00fctzung ging das schnell und problemlos. Ab 14 Uhr kamen dann die ersten G\u00e4ste &#8211; und nahmen sofort die H\u00fcpfburg in Beschlag! Solange es trocken war, war die leuchtend gelb-lila-farbene H\u00fcpfburg voller springender Kinder. Leider fing es bereits kurze Zeit sp\u00e4ter zu regnen an. Aber die G\u00e4ste nahmen es mit Gleichmut auf. Sie verzogen sich unter die drei Unterst\u00e4nde (Ess- und Spielplatz, K\u00fcche, Feuerstelle) und liefen schnellen Schrittes zwischen diesen umher. Die Kinder st\u00f6rte der Regen noch weniger. Solange es nur nieselte, liefen sie einfach drau\u00dfen herum. Alle Kinder benahmen sich vorbildlich und spielten friedlich zusammen. Es gab weder Streit noch Verletzungen. Sp\u00e4ter am Nachmittag fing es an heftig zu donnern. Gegen 18 Uhr l\u00f6ste sich die Gesellschaft auf, aber nicht ohne beim Abbau zu helfen: Alle G\u00e4ste die noch da waren trugen Tische und B\u00e4nke zur\u00fcck, sodass bereits um 19 Uhr alles aufger\u00e4umt war und jeder Einzelne nur wenig Arbeit hatte. Hier hat zeigte sich wieder der hervorragende Gemeinschaftsgeist unseres Vereins. Ein herzliches Dankesch\u00f6n geht an die Organisatoren und lasst uns hoffen, dass wir n\u00e4chstes Jahr besseres Wetter haben!<\/p>\n\n\n\n\n\n<h2 class=\"wp-block-heading\">G\u00fcrtelpr\u00fcfung<\/h2>\n\n\n\n<p class=\"wp-block-paragraph\">Wir gratulieren allen Pr\u00fcflingen zur bestandenen G\u00fcrtelpr\u00fcfung.<\/p>\n\n\n\n\n\n<h2 class=\"wp-block-heading\">27.09.2016 Kindertraining Mittwochs<\/h2>\n\n\n\n<p class=\"wp-block-paragraph\">Ab sofort bieten wir auch Mittwochs ein Kindertraining an!<\/p>\n\n\n\n<h2 class=\"wp-block-heading\">Hochzeit Daniela und Jan-Philipp Effgen<\/h2>\n\n\n\n<p class=\"wp-block-paragraph\">Wir gratulieren dem Brautpaar Daniela und Jan-Philipp Effgen!<\/p>\n\n\n\n<h2 class=\"wp-block-heading\">10.09.2016 Kinder- und Jugendtag des Eagle-Kai-Karate e.V. <\/h2>\n\n\n\n<p class=\"wp-block-paragraph\">Vorank\u00fcndigung &#8211; Kindergruppe: Am 10.09 findet der Kinder- und Jugendtag des Eagle-Kai-Karate e.V. Kirn statt, zu dem die Kindergruppe eingeladen wurde. N\u00e4here Informationen hierzu folgen.<\/p>\n\n\n\n<h2 class=\"wp-block-heading\">01.04.2016 Kindertraining<\/h2>\n\n\n\n<p class=\"wp-block-paragraph\">Wir freuen uns sehr euch mitteilen zu k\u00f6nnen, dass der Black-Wolves Karate Hunsr\u00fcck e.V. ab dem 16.04.2016 nun auch ein Karate Training f\u00fcr Kinder von 6 bis 10 Jahren anbieten kann! Dieses wird in der Sporthalle der Grundschule Sohren stattfinden! Trainingszeit wird von 14:00 &#8211; 15:15 Uhr sein! Kommt gern mal auf ein Probetraining vorbei!<\/p>\n\n\n\n<h2 class=\"wp-block-heading\">30.09.2015 Erstes Training<\/h2>\n\n\n\n<p class=\"wp-block-paragraph\">Am 30.09.2015 fand unser erstes Training statt.<\/p>\n\n\n\n\n\n<h2 class=\"wp-block-heading\">09.09.2015 Gr\u00fcndungsversammlung<\/h2>\n\n\n\n\n\n<p class=\"wp-block-paragraph\">Am Mittwoch, den 09.09.2015, fand die Gr\u00fcndungsversammlung des neuen Karatevereins Black-Wolves Karate Hunsr\u00fcck e.V. statt.<br>Vielen Dank f\u00fcr die rege Teilnahme, es waren 16 Erwachsene und einige Jugendliche da!<br><br>Wir bieten Training f\u00fcr Erwachsene und Jugendliche ab 10 Jahren an. Das Training findet immer in der Grundschulhalle in Sohren statt:<\/p>\n\n\n\n<ul class=\"wp-block-list\">\n<li>mittwochs von 18:00 &#8211; 19:30 Uhr<\/li>\n\n\n\n<li>samstags von 15:30 &#8211; 17:00 Uhr<\/li>\n<\/ul>\n\n\n\n<p class=\"wp-block-paragraph\">Die Anmeldungen werden im Training ausliegen. Nat\u00fcrlich kann jeder einige Mal zur Probe trainieren, bevor er sich anmeldet.<br>Die Beitr\u00e4ge wurden in der anschlie\u00dfenden Vorstandssitzung wie folgt festgelegt:<\/p>\n\n\n\n<ul class=\"wp-block-list\">\n<li>Erwachsene ab 18 Jahren: 20\u20ac pro Monat<\/li>\n\n\n\n<li>Jugendliche ab 10 Jahren: 15\u20ac pro Monat<\/li>\n\n\n\n<li>F\u00f6rdermitglieder: 5\u20ac pro Monat<\/li>\n<\/ul>\n\n\n\n<p class=\"wp-block-paragraph\">Die Anz\u00fcge vom EAGLE-KAI-KARATE Nahe-Hunsr\u00fcck e.V. werden auch weiterhin verwendet. Lediglich die aufgen\u00e4hten Logos, werden gegen Eigene ausgetauscht werden.<br>Unser Vorstand:<\/p>\n\n\n\n<ul class=\"wp-block-list\">\n<li>1. Vorsitzender: Dino Dupr\u00e9<\/li>\n\n\n\n<li>2. Vorsitzender: Andreas Klingels<\/li>\n\n\n\n<li>Kassenwart: Gaby Schmidt-Bieniek<\/li>\n\n\n\n<li>Schriftf\u00fchrer: Hannah Vogel<\/li>\n\n\n\n<li>stellvertretender Kassenwart: Anna Ryschow<\/li>\n\n\n\n<li>stellvertretender Schriftf\u00fchrer: Christian Vogel<\/li>\n\n\n\n<li>Beisitzer: Rudi Bieniek<\/li>\n\n\n\n<li>Trainer: Frank Schremb<\/li>\n<\/ul>\n\n\n\n<p class=\"wp-block-paragraph\">Wir haben ein richtig gutes Team zusammen und werden auch weiterhin gemeinsam Karate trainieren um K\u00f6rper und Geist zu schulen und eine Menge Spa\u00df zu haben!<\/p>\n","protected":false},"excerpt":{"rendered":"<p>17.06.2023 Battle of the Hunsr\u00fcck Am 17.06.23 fand in Simmern die Internationale Deutsche Meisterschaft der WMAC statt. Mit mehr als 1000 Startern aus 11 Nationen, war das 36. Battle&nbsp;of&nbsp;the&nbsp;Hunsr\u00fcck sehr gut besucht und wie immer top organisiert. F\u00fcr den Verein Black Wolves Karate Hunsr\u00fcck e.V.&nbsp;aus&nbsp;Sohren gingen die ehemaligen Nationalmannschaftsmitglieder Jannik und Alisha Jakobs an den [&hellip;]<\/p>\n","protected":false},"author":3,"featured_media":0,"parent":378,"menu_order":0,"comment_status":"closed","ping_status":"closed","template":"","meta":{"footnotes":""},"class_list":["post-107","page","type-page","status-publish","hentry","post"],"_links":{"self":[{"href":"https:\/\/black-wolves-karate.de\/index.php\/wp-json\/wp\/v2\/pages\/107","targetHints":{"allow":["GET"]}}],"collection":[{"href":"https:\/\/black-wolves-karate.de\/index.php\/wp-json\/wp\/v2\/pages"}],"about":[{"href":"https:\/\/black-wolves-karate.de\/index.php\/wp-json\/wp\/v2\/types\/page"}],"author":[{"embeddable":true,"href":"https:\/\/black-wolves-karate.de\/index.php\/wp-json\/wp\/v2\/users\/3"}],"replies":[{"embeddable":true,"href":"https:\/\/black-wolves-karate.de\/index.php\/wp-json\/wp\/v2\/comments?post=107"}],"version-history":[{"count":14,"href":"https:\/\/black-wolves-karate.de\/index.php\/wp-json\/wp\/v2\/pages\/107\/revisions"}],"predecessor-version":[{"id":890,"href":"https:\/\/black-wolves-karate.de\/index.php\/wp-json\/wp\/v2\/pages\/107\/revisions\/890"}],"up":[{"embeddable":true,"href":"https:\/\/black-wolves-karate.de\/index.php\/wp-json\/wp\/v2\/pages\/378"}],"wp:attachment":[{"href":"https:\/\/black-wolves-karate.de\/index.php\/wp-json\/wp\/v2\/media?parent=107"}],"curies":[{"name":"wp","href":"https:\/\/api.w.org\/{rel}","templated":true}]}}